{"id":7434,"date":"2014-09-10T14:44:55","date_gmt":"2014-09-10T12:44:55","guid":{"rendered":"https:\/\/www.negozioleggero.it\/?page_id=7434"},"modified":"2023-05-16T12:00:13","modified_gmt":"2023-05-16T10:00:13","slug":"negozio-leggero","status":"publish","type":"page","link":"https:\/\/www.negozioleggero.it\/fr\/","title":{"rendered":"Home-fr"},"content":{"rendered":"<section class=\"wpb-content-wrapper\"><p>[vc_row bk_type=\u00a0\u00bbfull_width\u00a0\u00bb align=\u00a0\u00bbLeft\u00a0\u00bb anchor_id=\u00a0\u00bbil-negozio\u00a0\u00bb vid_parallax=\u00a0\u00bbno\u00a0\u00bb][vc_column]<div class=\"prk_shortcode-title small_underline fount_centered_text wpb_animate_when_almost_visible wpb_fount_fade_waypoint h4_sized\"><div class=\"header_font zero_color prk_vc_title\" style=\"color:#acacac;border-bottom-color:rgba(172, 172, 172,0.9);text-shadow:0px 0px 1px rgba(172, 172, 172,0.2);\"><h4>NEGOZIO LEGGERO<\/h4><\/div><div class=\"clearfix\"><\/div><\/div><div class=\"fount_spacer clearfix\" style=\"margin-top:-10px;\"><\/div><div class=\"prk_shortcode-title fount_centered_text wpb_animate_when_almost_visible wpb_fount_fade_waypoint h2_sized\"><div class=\"header_font bd_headings_text_shadow zero_color prk_vc_title\"><h2> UNA SPESA PI\u00d9 LEGGERA, SENZA IMBALLAGGI!<\/h2><\/div><div class=\"clearfix\"><\/div><\/div><div class=\"fount_spacer clearfix\" style=\"height:30px;\"><\/div>[vc_column_text]<\/p>\n<p style=\"text-align: center;\">Nati nel 2009 in Italia, abbiamo il primato di essere stati la prima rete al mondo di negozi specializzati\u00a0nella vendita di prodotti sfusi e con il vuoto a rendere.<br \/>\nAbbiamo pi\u00f9 di 1500 prodotti: alimentari, per l&rsquo;igiene della casa e per la cura del corpo,\u00a0tutti selezionati e formulati dal nostro ente di ricerca Ecologos e venduti esclusivamente nei nostri negozi.<br \/>\n<strong>Il nostro obiettivo \u00e8 rendere semplice e felice la scelta di vita ZEROWASTE<\/strong>.<br \/>\nLavoriamo per le persone che vogliono contribuire alla salvaguardia dell&rsquo;ambiente riducendo il proprio impatto, per chi vuole mangiare cibi sani e buoni, verificati in tutta la filiera, per chi vuole curare il proprio corpo e la propria casa con prodotti naturali e allo stesso tempo efficaci e piacevoli all&rsquo;uso.<\/p>\n<p style=\"text-align: center;\"><a title=\"DOVE SIAMO\" href=\"https:\/\/www.negozioleggero.it\/dove-siamo\/\" target=\"_blank\" rel=\"noopener\">Abbiamo 20\u00a0punti vendita fisici in Italia e Svizzera<br \/>\n<\/a><a title=\"e-Shop Negozio Leggero\" href=\"http:\/\/shop.negozioleggero.it\">e\u00a0lo SHOP ONLINE<\/a><\/p>\n<p style=\"text-align: center;\">Cerchiamo ogni giorno di dare il nostro contributo al cambiamento.<\/p>\n<p>[\/vc_column_text]<div class=\"fount_spacer clearfix\" style=\"height:30px;\"><\/div>[vc_row_inner anchor_id=\u00a0\u00bbidat\u00a0\u00bb][vc_column_inner width=\u00a0\u00bb1\/3&Prime;][vc_single_image image=\u00a0\u00bb1335&Prime; alignment=\u00a0\u00bbcenter\u00a0\u00bb img_link_target=\u00a0\u00bb_self\u00a0\u00bb css_animation=\u00a0\u00bbflipin_y\u00a0\u00bb]tricker[\/vc_single_image]<div class=\"fount_spacer clearfix\" style=\"height:20px;\"><\/div><div class=\"prk_shortcode-title fount_centered_text h4_sized\"><div class=\"header_font zero_color prk_vc_title\" style=\"color:#e67e22;border-bottom-color:rgba(230, 126, 34,0.9);text-shadow:0px 0px 1px rgba(230, 126, 34,0.2);\"><h4>Porta i tuoi contenitori<\/h4><\/div><div class=\"clearfix\"><\/div><\/div>[vc_column_text css_animation=\u00a0\u00bbbottom-to-top\u00a0\u00bb el_class=\u00a0\u00bbdelay-400&Prime;]<\/p>\n<p style=\"text-align: center;\">Da noi puoi sempre riutilizzarli, per uno stile di vita orientato alla sostenibilit\u00e0!<\/p>\n<p>[\/vc_column_text][\/vc_column_inner][vc_column_inner width=\u00a0\u00bb1\/3&Prime;][vc_single_image image=\u00a0\u00bb1336&Prime; alignment=\u00a0\u00bbcenter\u00a0\u00bb img_link_target=\u00a0\u00bb_self\u00a0\u00bb css_animation=\u00a0\u00bbflipin_y\u00a0\u00bb]tricker[\/vc_single_image]<div class=\"fount_spacer clearfix\" style=\"height:20px;\"><\/div><div class=\"prk_shortcode-title fount_centered_text h4_sized\"><div class=\"header_font zero_color prk_vc_title\" style=\"color:#e67e22;border-bottom-color:rgba(230, 126, 34,0.9);text-shadow:0px 0px 1px rgba(230, 126, 34,0.2);\"><h4>Scegli tra oltre 1500 prodotti sfusi<\/h4><\/div><div class=\"clearfix\"><\/div><\/div>[vc_column_text el_class=\u00a0\u00bbdelay-400&Prime; css_animation=\u00a0\u00bbbottom-to-top\u00a0\u00bb]<\/p>\n<p style=\"text-align: center;\">Produzioni locali, della tradizione e dell&rsquo;innovazione, venduti senza imballaggi!<\/p>\n<p>[\/vc_column_text][\/vc_column_inner][vc_column_inner width=\u00a0\u00bb1\/3&Prime;][vc_single_image image=\u00a0\u00bb1337&Prime; alignment=\u00a0\u00bbcenter\u00a0\u00bb img_link_target=\u00a0\u00bb_self\u00a0\u00bb css_animation=\u00a0\u00bbflipin_y\u00a0\u00bb]tricker[\/vc_single_image]<div class=\"fount_spacer clearfix\" style=\"height:20px;\"><\/div><div class=\"prk_shortcode-title fount_centered_text h4_sized\"><div class=\"header_font zero_color prk_vc_title\" style=\"color:#e67e22;border-bottom-color:rgba(230, 126, 34,0.9);text-shadow:0px 0px 1px rgba(230, 126, 34,0.2);\"><h4>Paghi solo il contenuto<\/h4><\/div><div class=\"clearfix\"><\/div><\/div>[vc_column_text el_class=\u00a0\u00bbdelay-400&Prime; css_animation=\u00a0\u00bbbottom-to-top\u00a0\u00bb]<\/p>\n<p style=\"text-align: center;\">E risparmi sul costo del contenitore, riducendo cos\u00ec i rifiuti da imballaggio!<\/p>\n<p>[\/vc_column_text][\/vc_column_inner][\/vc_row_inner]<div class=\"fount_spacer clearfix\" style=\"height:30px;\"><\/div><div class=\"simple_line shortcoded\" style=\"border-bottom: 1px solid #e0e0e0\"><\/div><div class=\"fount_spacer clearfix\" style=\"height:30px;\"><\/div>[vc_row_inner][vc_column_inner width=\u00a0\u00bb1\/3&Prime;][vc_single_image image=\u00a0\u00bb1350&Prime; alignment=\u00a0\u00bbcenter\u00a0\u00bb img_link_target=\u00a0\u00bb_self\u00a0\u00bb img_size=\u00a0\u00bb554&#215;300&Prime; css_animation=\u00a0\u00bbflipin_y\u00a0\u00bb]tricker[\/vc_single_image][\/vc_column_inner][vc_column_inner width=\u00a0\u00bb1\/3&Prime;]<div class=\"prk_shortcode-title fount_lefted_text h4_sized\"><div class=\"header_font zero_color prk_vc_title\" style=\"color:#e67e22;border-bottom-color:rgba(230, 126, 34,0.9);text-shadow:0px 0px 1px rgba(230, 126, 34,0.2);\"><h4>Chi seleziona i prodotti?<\/h4><\/div><div class=\"clearfix\"><\/div><\/div>[vc_column_text el_class=\u00a0\u00bbdelay-400&Prime; css_animation=\u00a0\u00bbbottom-to-top\u00a0\u00bb]Tutti i nostri prodotti sono selezionati dall&rsquo;Ente di Ricerca <a style=\"text-decoration: none; border-bottom: 1px dotted;\" href=\"http:\/\/www.ecologos.it\" target=\"_blank\" rel=\"noopener\">Ecologos<\/a>, che quotidianamente ne analizza filiera e composizione[\/vc_column_text]<div class=\"fount_spacer clearfix\" style=\"height:5px;\"><\/div>[vc_column_text el_class=\u00a0\u00bbdelay-400&Prime; css_animation=\u00a0\u00bbbottom-to-top\u00a0\u00bb]<\/p>\n<p style=\"text-align: left;\"><a style=\"text-decoration: none; border-bottom: 1px dotted;\" href=\"https:\/\/www.negozioleggero.it\/#i-prodotti\">Scopri i prodotti<\/a><\/p>\n<p>[\/vc_column_text][\/vc_column_inner][vc_column_inner width=\u00a0\u00bb1\/3&Prime; el_class=\u00a0\u00bblineasx\u00a0\u00bb]<div class=\"prk_shortcode-title fount_lefted_text h4_sized\"><div class=\"header_font zero_color prk_vc_title\" style=\"color:#e67e22;border-bottom-color:rgba(230, 126, 34,0.9);text-shadow:0px 0px 1px rgba(230, 126, 34,0.2);\"><h4>E poi ci siamo noi!<\/h4><\/div><div class=\"clearfix\"><\/div><\/div>[vc_column_text el_class=\u00a0\u00bbdelay-400&Prime; css_animation=\u00a0\u00bbbottom-to-top\u00a0\u00bb]Ogni giorno persone qualificate ti aiutano all&rsquo;interno del negozio, dandoti consigli e informazioni dettagliate sulla vasta gamma di prodotti![\/vc_column_text]<div class=\"fount_spacer clearfix\" style=\"height:5px;\"><\/div>[vc_column_text el_class=\u00a0\u00bbdelay-400&Prime; css_animation=\u00a0\u00bbbottom-to-top\u00a0\u00bb]<\/p>\n<p style=\"text-align: left;\"><a style=\"text-decoration: none; border-bottom: 1px dotted;\" title=\"DOVE SIAMO\" href=\"https:\/\/www.negozioleggero.it\/dove-siamo\/\">Dove siamo<\/a><\/p>\n<p>[\/vc_column_text][\/vc_column_inner][\/vc_row_inner]<div class=\"fount_spacer clearfix\" style=\"height:30px;\"><\/div><div class=\"simple_line shortcoded\" style=\"border-bottom: 1px solid #e0e0e0\"><\/div><div class=\"fount_spacer clearfix\" style=\"height:30px;\"><\/div>[vc_row_inner][vc_column_inner width=\u00a0\u00bb1\/3&Prime;][vc_single_image image=\u00a0\u00bb5502&Prime; alignment=\u00a0\u00bbcenter\u00a0\u00bb img_link_target=\u00a0\u00bb_self\u00a0\u00bb img_size=\u00a0\u00bb427&#215;300&Prime; css_animation=\u00a0\u00bbflipin_y\u00a0\u00bb]tricker[\/vc_single_image][\/vc_column_inner][vc_column_inner width=\u00a0\u00bb1\/3&Prime;]<div class=\"prk_shortcode-title fount_lefted_text h4_sized\"><div class=\"header_font zero_color prk_vc_title\" style=\"color:#e67e22;border-bottom-color:rgba(230, 126, 34,0.9);text-shadow:0px 0px 1px rgba(230, 126, 34,0.2);\"><h4>Il progetto di piantumazione<\/h4><\/div><div class=\"clearfix\"><\/div><\/div>[vc_column_text el_class=\u00a0\u00bbdelay-400&Prime; css_animation=\u00a0\u00bbbottom-to-top\u00a0\u00bb]<\/p>\n<p style=\"text-align: left;\">Un progetto sociale, civile e ambientale che vede la realizzazione del primo parco urbano a San Giuseppe Jato, in provincia di Palermo.<\/p>\n<p>[\/vc_column_text]<div class=\"fount_spacer clearfix\" style=\"height:5px;\"><\/div>[\/vc_column_inner][vc_column_inner width=\u00a0\u00bb1\/3&Prime; el_class=\u00a0\u00bblineasx\u00a0\u00bb][vc_column_text]<\/p>\n<p style=\"text-align: left;\">Questo\u00a0parco sorge su un terreno confiscato alla criminalit\u00e0 organizzata ed \u00e8 dedicato ad una giovanissima vittima di mafia. Negozio Leggero ha contribuito alla sua realizzazione.<\/p>\n<p style=\"text-align: left;\"><a href=\"https:\/\/www.negozioleggero.it\/un-parco-come-progetto-sociale-civile-e-ambientale\/\" target=\"_blank\" rel=\"noopener\">Scopri di pi\u00f9 sul progetto<\/a>.<\/p>\n<p>[\/vc_column_text]<div class=\"fount_spacer clearfix\" style=\"height:5px;\"><\/div>[\/vc_column_inner][\/vc_row_inner]<div class=\"fount_spacer clearfix\" style=\"height:30px;\"><\/div>[\/vc_column][\/vc_row][vc_row bk_type=\u00a0\u00bbfull_width\u00a0\u00bb bk_element=\u00a0\u00bbimage\u00a0\u00bb bg_image=\u00a0\u00bb838&Prime; bg_image_repeat=\u00a0\u00bbparallax\u00a0\u00bb align=\u00a0\u00bbLeft\u00a0\u00bb vid_parallax=\u00a0\u00bbno\u00a0\u00bb][vc_column width=\u00a0\u00bb1\/1&Prime;]<div class=\"fount_spacer clearfix\" style=\"height:30px;\"><\/div>[\/vc_column][\/vc_row][vc_row bk_type=\u00a0\u00bbfull_width\u00a0\u00bb anchor_id=\u00a0\u00bbi-prodotti\u00a0\u00bb align=\u00a0\u00bbLeft\u00a0\u00bb bk_element=\u00a0\u00bbcolored\u00a0\u00bb bg_color=\u00a0\u00bb#f9f9f9&Prime; vid_parallax=\u00a0\u00bbno\u00a0\u00bb][vc_column width=\u00a0\u00bb1\/1&Prime;]<div class=\"fount_spacer clearfix\" style=\"height:30px;\"><\/div><div class=\"prk_shortcode-title small_underline fount_centered_text wpb_animate_when_almost_visible wpb_fount_fade_waypoint h4_sized\"><div class=\"header_font zero_color prk_vc_title\" style=\"color:#afafaf;border-bottom-color:rgba(175, 175, 175,0.9);text-shadow:0px 0px 1px rgba(175, 175, 175,0.2);\"><h4>UNA GAMMA COMPLETA DI PRODOTTI<\/h4><\/div><div class=\"clearfix\"><\/div><\/div><div class=\"fount_spacer clearfix\" style=\"margin-top:-10px;\"><\/div><div class=\"prk_shortcode-title fount_centered_text wpb_animate_when_almost_visible wpb_fount_fade_waypoint h1_sized\"><div class=\"header_font bd_headings_text_shadow zero_color prk_vc_title\"><h1>LA PI\u00d9 AMPIA POSSIBILIT\u00c0 DI SCELTA<\/h1><\/div><div class=\"clearfix\"><\/div><\/div><div class=\"fount_spacer clearfix\" style=\"margin-top:-10px;\"><\/div>[vc_column_text]<\/p>\n<h5 style=\"text-align: center;\"><span style=\"color: #333333;\">Clicca <span style=\"color: #e67e22;\"><a style=\"color: #e67e22;\" href=\"https:\/\/shop.negozioleggero.it\" target=\"_blank\" rel=\"noopener\">qui<\/a><\/span>\u00a0per andare sullo shop online.<br \/>\n<\/span><\/h5>\n<p>[\/vc_column_text]<div class=\"fount_spacer clearfix\" style=\"height:10px;\"><\/div>[vc_column_text]<\/p>\n<p style=\"text-align: center;\"><span style=\"color: #5c5c5c;\">Leggi sotto se invece vuoi farti un\u2019idea delle categorie.<\/span><\/p>\n<p>[\/vc_column_text]<div class=\"fount_spacer clearfix\" style=\"height:20px;\"><\/div><div class=\"row prk_row text_center\"><ul class=\"member_ul\"><\/ul><\/div><div class=\"fount_spacer clearfix\" style=\"height:50px;\"><\/div>[\/vc_column][\/vc_row][vc_row align=\u00a0\u00bbLeft\u00a0\u00bb bk_type=\u00a0\u00bbfull_width\u00a0\u00bb bk_element=\u00a0\u00bbimage\u00a0\u00bb bg_color=\u00a0\u00bb#e8e8e8&Prime; font_color=\u00a0\u00bb#ffffff\u00a0\u00bb bg_image=\u00a0\u00bb837&Prime; bg_image_repeat=\u00a0\u00bbparallax\u00a0\u00bb vid_parallax=\u00a0\u00bbno\u00a0\u00bb][vc_column width=\u00a0\u00bb1\/1&Prime;]<div class=\"fount_spacer clearfix\" style=\"height:300px;\"><\/div>[\/vc_column][\/vc_row][vc_row anchor_id=\u00a0\u00bbeventi\u00a0\u00bb bk_type=\u00a0\u00bbfull_width\u00a0\u00bb align=\u00a0\u00bbLeft\u00a0\u00bb vid_parallax=\u00a0\u00bbno\u00a0\u00bb][vc_column width=\u00a0\u00bb1\/1&Prime;]<div class=\"fount_spacer clearfix\" style=\"height:100px;\"><\/div><div class=\"prk_shortcode-title small_underline fount_centered_text wpb_animate_when_almost_visible wpb_fount_fade_waypoint h4_sized\"><div class=\"header_font zero_color prk_vc_title\" style=\"color:#afafaf;border-bottom-color:rgba(175, 175, 175,0.9);text-shadow:0px 0px 1px rgba(175, 175, 175,0.2);\"><h4>NEGOZIO LEGGERO<\/h4><\/div><div class=\"clearfix\"><\/div><\/div><div class=\"fount_spacer clearfix\" style=\"margin-top:-10px;\"><\/div><div class=\"prk_shortcode-title fount_centered_text wpb_animate_when_almost_visible wpb_fount_fade_waypoint h2_sized\"><div class=\"header_font bd_headings_text_shadow zero_color prk_vc_title\"><h2>EVENTI<\/h2><\/div><div class=\"clearfix\"><\/div><\/div><div class=\"simple_line shortcoded\" style=\"border-bottom: 1px solid #e0e0e0\"><\/div><div class=\"fount_spacer clearfix\" style=\"height:30px;\"><\/div><div id=\"folio_father\" class=\"recentfolio_ul_wp prk_shorts small-12 folio_title_and_skills\" data-items=\"5\"><div id=\"folio_masonry-493\" class=\"per_init per_show folio_masonry iso_folio shortcoded lightboxed\" data-columns=\"5\" style=\"margin-right:-10px;\" data-margin=10><div id=\"post-7505\" class=\"featured_color portfolio_entry_li hidden_by_css settimo-fr p_all\" style=\"margin-bottom:10px;\" data-color=\"#8daea9\"><div class=\"grid_image_wrapper\"><a href=\"https:\/\/www.negozioleggero.it\/fr\/portfolios\/mindfulyoga-e-colazione\/\" class=\"lightboxed\" data-mfp-src=\"https:\/\/www.negozioleggero.it\/wp-content\/uploads\/2023\/03\/Mindfulness-sito-evento-3-01-11-12-12.png\" data-title=\"MindfulYOGA e colazione\" data-pos=\"0\"><div class=\"grid_colored_block\"><\/div><img loading=\"lazy\" decoding=\"async\" src=\"https:\/\/www.negozioleggero.it\/wp-content\/uploads\/2023\/03\/Mindfulness-sito-evento-3-01-11-12-12-480x480.png\" width=\"480\" height=\"480\" id=\"home_fader-7505\" class=\"custom-img grid_image\" alt=\"Mindfulness sito evento 3-01-11-12-12\" data-featured=\"no\" \/><div class=\"grid_single_title fount_animated\"><div class=\"prk_ttl\"><h3 class=\"header_font body_bk_color body_bk_text_shadow small\">MindfulYOGA e colazione<\/h3><\/div><div class=\"inner_skills body_bk_color\">Settimo Torinese<\/div><div class=\"prk_break_word entry_content default_color\"><div class=\"clearfix\"><\/div><\/div><\/div><div class=\"revealed_link zero_color prk_heavier_700 bd_headings_text_shadow\"><div class=\"left_floated\"><\/div><i class=\"fa fa-chevron-right\"><\/i><\/div><\/a><\/div><div class=\"folio_icons_wrap\"><\/div><img src=https:\/\/www.negozioleggero.it\/wp-content\/uploads\/2023\/03\/Mindfulness-sito-evento-3-01-11-12-12-480x480.png width=\"480\" height=\"480\" alt=\"Mindfulness sito evento 3-01-11-12-12\" class=\"hide_now\"><\/div><div id=\"post-7518\" class=\"featured_color portfolio_entry_li hidden_by_css ancona-fr p_all\" style=\"margin-bottom:10px;\" data-color=\"#9cb8d5\"><div class=\"grid_image_wrapper\"><a href=\"https:\/\/www.negozioleggero.it\/fr\/portfolios\/decoriamo-le-uova-di-pasqua\/\" class=\"lightboxed\" data-mfp-src=\"https:\/\/www.negozioleggero.it\/wp-content\/uploads\/2023\/03\/ANCONA-decorazione-uova-di-Pasqua-SITO-02.png\" data-title=\"Decoriamo le uova di Pasqua\" data-pos=\"1\"><div class=\"grid_colored_block\"><\/div><img loading=\"lazy\" decoding=\"async\" src=\"https:\/\/www.negozioleggero.it\/wp-content\/uploads\/2023\/03\/ANCONA-decorazione-uova-di-Pasqua-SITO-02-480x480.png\" width=\"480\" height=\"480\" id=\"home_fader-7518\" class=\"custom-img grid_image\" alt=\"ANCONA-decorazione uova di Pasqua SITO-02\" data-featured=\"no\" \/><div class=\"grid_single_title fount_animated\"><div class=\"prk_ttl\"><h3 class=\"header_font body_bk_color body_bk_text_shadow small\">Decoriamo le uova di Pasqua<\/h3><\/div><div class=\"inner_skills body_bk_color\">Ancona<\/div><div class=\"prk_break_word entry_content default_color\"><div class=\"clearfix\"><\/div><\/div><\/div><div class=\"revealed_link zero_color prk_heavier_700 bd_headings_text_shadow\"><div class=\"left_floated\"><\/div><i class=\"fa fa-chevron-right\"><\/i><\/div><\/a><\/div><div class=\"folio_icons_wrap\"><\/div><img src=https:\/\/www.negozioleggero.it\/wp-content\/uploads\/2023\/03\/ANCONA-decorazione-uova-di-Pasqua-SITO-02-480x480.png width=\"480\" height=\"480\" alt=\"ANCONA-decorazione uova di Pasqua SITO-02\" class=\"hide_now\"><\/div><\/div><div class=\"clearfix\"><\/div><\/div><div class=\"clearfix\"><\/div>[\/vc_column][\/vc_row][vc_row anchor_id=\u00a0\u00bbservizi\u00a0\u00bb bk_type=\u00a0\u00bbfull_width\u00a0\u00bb align=\u00a0\u00bbLeft\u00a0\u00bb vid_parallax=\u00a0\u00bbno\u00a0\u00bb][vc_column width=\u00a0\u00bb1\/1&Prime;]<div class=\"fount_spacer clearfix\" style=\"height:30px;\"><\/div><div class=\"prk_shortcode-title small_underline fount_centered_text wpb_animate_when_almost_visible wpb_fount_fade_waypoint h4_sized\"><div class=\"header_font zero_color prk_vc_title\" style=\"color:#afafaf;border-bottom-color:rgba(175, 175, 175,0.9);text-shadow:0px 0px 1px rgba(175, 175, 175,0.2);\"><h4>SERVIZI<\/h4><\/div><div class=\"clearfix\"><\/div><\/div><div class=\"fount_spacer clearfix\" style=\"margin-top:-10px;\"><\/div><div class=\"prk_shortcode-title fount_centered_text wpb_animate_when_almost_visible wpb_fount_fade_waypoint h2_sized\"><div class=\"header_font bd_headings_text_shadow zero_color prk_vc_title\"><h2>BOMBONIERE LEGGERE<\/h2><\/div><div class=\"clearfix\"><\/div><\/div><div class=\"simple_line shortcoded\" style=\"border-bottom: 1px solid #e0e0e0\"><\/div><div class=\"fount_spacer clearfix\" style=\"margin-top:-100px;\"><\/div>[\/vc_column][\/vc_row][vc_row bk_type=\u00a0\u00bbfull_width\u00a0\u00bb anchor_id=\u00a0\u00bbi-prodotti\u00a0\u00bb align=\u00a0\u00bbLeft\u00a0\u00bb bg_color=\u00a0\u00bb#ffffff\u00a0\u00bb vid_parallax=\u00a0\u00bbno\u00a0\u00bb bk_element=\u00a0\u00bbcolored\u00a0\u00bb][vc_column width=\u00a0\u00bb1\/3&Prime;][vc_gallery interval=\u00a0\u00bb3000&Prime; images=\u00a0\u00bb1190,1351,1352&Prime; onclick=\u00a0\u00bblink_no\u00a0\u00bb custom_links_target=\u00a0\u00bb_self\u00a0\u00bb img_size=\u00a0\u00bb400&#215;300&Prime;]tricker[\/vc_gallery]<div class=\"fount_spacer clearfix\" style=\"height:50px;\"><\/div>[\/vc_column][vc_column width=\u00a0\u00bb1\/3&Prime;][vc_column_text css_animation=\u00a0\u00bbbottom-to-top\u00a0\u00bb]<strong>Anche gli eventi importanti possono essere una scelta sostenibile!<\/strong>[\/vc_column_text][vc_column_text css_animation=\u00a0\u00bbbottom-to-top\u00a0\u00bb]A basso impatto ambientale, pensate per ridurre gli sprechi e gli imballaggi inutili, utilizzando solo prodotti selezionati di alta qualit\u00e0. Confezionate a mano e con possibilit\u00e0 di personalizzazione![\/vc_column_text]<div class=\"fount_spacer clearfix\" style=\"height:50px;\"><\/div>[\/vc_column][vc_column width=\u00a0\u00bb1\/3&Prime; el_class=\u00a0\u00bblineasx\u00a0\u00bb][vc_single_image image=\u00a0\u00bb1353&Prime; img_link_target=\u00a0\u00bb_self\u00a0\u00bb img_size=\u00a0\u00bbmedium\u00a0\u00bb]tricker[\/vc_single_image]<div class=\"fount_spacer clearfix\" style=\"height:25px;\"><\/div><div class=\"social_links_shortcode fount_fab_wrapper\"><div class=\"fount_socialink prk_bordered member_lnk fount-facebook colorer-facebook\"><a href=\"http:\/\/www.facebook.com\/bomboniereleggere\" target=\"_blank\" data-color=\"#1f69b3\"><div class=\"fa fa-facebook\"><\/div><div class=\"bg_shifter\"><i class=\"fa fa-facebook\"><\/i><\/div><\/a><\/div><div class=\"fount_socialink prk_bordered member_lnk fount-instagram-filled colorer-instagram-filled\"><a href=\"https:\/\/www.instagram.com\/bomboniereleggere\/\" target=\"_blank\" data-color=\"#547FA2\"><div class=\"fa fa-instagram\"><\/div><div class=\"bg_shifter\"><i class=\"fa fa-instagram\"><\/i><\/div><\/a><\/div><div class=\"clearfix\"><\/div><\/div>[vc_column_text]<a href=\"https:\/\/www.instagram.com\/bomboniereleggere\/\" target=\"_blank\" rel=\"noopener\">www.bomboniereleggere.it<\/a><\/p>\n<p><a href=\"mailto:info@bomboniereleggere.it\">info@bomboniereleggere.it<\/a>[\/vc_column_text]<div class=\"fount_spacer clearfix\" style=\"height:50px;\"><\/div>[\/vc_column][\/vc_row][vc_row anchor_id=\u00a0\u00bbbici\u00a0\u00bb bk_type=\u00a0\u00bbfull_width\u00a0\u00bb align=\u00a0\u00bbLeft\u00a0\u00bb vid_parallax=\u00a0\u00bbno\u00a0\u00bb][vc_column width=\u00a0\u00bb1\/1&Prime;]<div class=\"fount_spacer clearfix\" style=\"height:30px;\"><\/div><div class=\"prk_shortcode-title small_underline fount_centered_text wpb_animate_when_almost_visible wpb_fount_fade_waypoint h4_sized\"><div class=\"header_font zero_color prk_vc_title\" style=\"color:#afafaf;border-bottom-color:rgba(175, 175, 175,0.9);text-shadow:0px 0px 1px rgba(175, 175, 175,0.2);\"><h4>SERVIZI<\/h4><\/div><div class=\"clearfix\"><\/div><\/div><div class=\"fount_spacer clearfix\" style=\"margin-top:-10px;\"><\/div><div class=\"prk_shortcode-title fount_centered_text wpb_animate_when_almost_visible wpb_fount_fade_waypoint h2_sized\"><div class=\"header_font bd_headings_text_shadow zero_color prk_vc_title\"><h2>CONSEGNE SOSTENIBILI IN BICICLETTA<\/h2><\/div><div class=\"clearfix\"><\/div><\/div><div class=\"simple_line shortcoded\" style=\"border-bottom: 1px solid #e0e0e0\"><\/div><div class=\"fount_spacer clearfix\" style=\"margin-top:-100px;\"><\/div>[\/vc_column][\/vc_row][vc_row bk_type=\u00a0\u00bbfull_width\u00a0\u00bb anchor_id=\u00a0\u00bbi-prodotti\u00a0\u00bb align=\u00a0\u00bbLeft\u00a0\u00bb bg_color=\u00a0\u00bb#ffffff\u00a0\u00bb vid_parallax=\u00a0\u00bbno\u00a0\u00bb bk_element=\u00a0\u00bbcolored\u00a0\u00bb][vc_column width=\u00a0\u00bb1\/3&Prime;][vc_single_image image=\u00a0\u00bb1354&Prime; img_link_target=\u00a0\u00bb_self\u00a0\u00bb img_size=\u00a0\u00bbmedium\u00a0\u00bb]tricker[\/vc_single_image]<div class=\"fount_spacer clearfix\" style=\"height:50px;\"><\/div>[\/vc_column][vc_column width=\u00a0\u00bb1\/3&Prime; el_class=\u00a0\u00bblineasx\u00a0\u00bb][vc_column_text css_animation=\u00a0\u00bbbottom-to-top\u00a0\u00bb]<strong><span style=\"color: #44484b;\">La tua spesa diventa ancora pi\u00f9 leggera!<\/span><\/strong>[\/vc_column_text][vc_column_text css_animation=\u00a0\u00bbbottom-to-top\u00a0\u00bb]Scegli il giorno e l\u2019ora di ricezione: riceverai direttamente la tua spesa a casa con il nostro servizio di consegne sostenibili in bicicletta![\/vc_column_text]<div class=\"fount_spacer clearfix\" style=\"height:50px;\"><\/div>[\/vc_column][vc_column width=\u00a0\u00bb1\/3&Prime; el_class=\u00a0\u00bblineasx\u00a0\u00bb][vc_column_text]Prenota la tua spesa inviando una mail a <a style=\"text-decoration: none; border-bottom: 1px dotted;\" href=\"mailto:info@negozioleggero.it\">info@negozioleggero.it<\/a> o telefonando ai punti vendita aderenti[\/vc_column_text]<div class=\"fount_spacer clearfix\" style=\"height:15px;\"><\/div>[vc_column_text]<a style=\"text-decoration: none; border-bottom: 1px dotted;\" href=\"https:\/\/www.negozioleggero.it\/#contatti\">Dove sono i punti vendita?<\/a>[\/vc_column_text][\/vc_column][\/vc_row][vc_row bk_type=\u00a0\u00bbfull_width\u00a0\u00bb align=\u00a0\u00bbLeft\u00a0\u00bb bk_element=\u00a0\u00bbimage\u00a0\u00bb bg_color=\u00a0\u00bb#f9f9f9&Prime; vid_parallax=\u00a0\u00bbno\u00a0\u00bb bg_image=\u00a0\u00bb1193&Prime; bg_image_repeat=\u00a0\u00bbparallax\u00a0\u00bb][vc_column width=\u00a0\u00bb1\/1&Prime;]<div class=\"fount_spacer clearfix\" style=\"height:200px;\"><\/div>[\/vc_column][\/vc_row][vc_row bk_type=\u00a0\u00bbboxed_look\u00a0\u00bb bk_element=\u00a0\u00bbcolored\u00a0\u00bb bg_color=\u00a0\u00bb#e67e22&Prime; align=\u00a0\u00bbLeft\u00a0\u00bb][vc_column width=\u00a0\u00bb1\/3&Prime; css_animation=\u00a0\u00bbbottom-to-top\u00a0\u00bb]<div class=\"fount_spacer clearfix\" style=\"height:40px;\"><\/div><div class=\"theme_icon_shortcoded\" style=\"text-align:Center;\"><i class=\"fount_fa-facebook-square\" style=\"font-size:30px;color:#ffffff;\"><\/i><\/div>[vc_column_text]<\/p>\n<p style=\"text-align: center;\"><a style=\"color: #ffffff; font-size: 20px;\" title=\"Facebook\" href=\"https:\/\/www.facebook.com\/negozioleggero\" target=\"_blank\" rel=\"noopener\">Facebook<\/a><\/p>\n<p>[\/vc_column_text][\/vc_column][vc_column width=\u00a0\u00bb1\/3&Prime; css_animation=\u00a0\u00bbbottom-to-top\u00a0\u00bb]<div class=\"fount_spacer clearfix\" style=\"height:40px;\"><\/div><div class=\"theme_icon_shortcoded\" style=\"text-align:Center;\"><i class=\"fount_fa-instagram\" style=\"font-size:30px;color:#ffffff;\"><\/i><\/div>[vc_column_text]<\/p>\n<p style=\"text-align: center;\"><a style=\"color: #ffffff; font-size: 20px;\" title=\"Instagram\" href=\"https:\/\/www.instagram.com\/negozioleggero\" target=\"_blank\" rel=\"noopener\">Instagram<\/a><\/p>\n<p>[\/vc_column_text][\/vc_column][vc_column width=\u00a0\u00bb1\/3&Prime;]<div class=\"fount_spacer clearfix\" style=\"height:40px;\"><\/div><div class=\"theme_icon_shortcoded\" style=\"text-align:Center;\"><i class=\"fount_fa-youtube\" style=\"font-size:30px;color:#ffffff;\"><\/i><\/div>[vc_column_text]<\/p>\n<p style=\"text-align: center;\"><a style=\"color: #ffffff; font-size: 20px;\" title=\"You Tube\" href=\"https:\/\/www.youtube.com\/channel\/UCta-LYWzQmsI6Kh0ZRj28SQ\" target=\"_blank\" rel=\"noopener\">You Tube<\/a><\/p>\n<p>[\/vc_column_text][\/vc_column][\/vc_row][vc_column_inner width=\u00a0\u00bb1\/3&Prime; css_animation=\u00a0\u00bbright-to-left\u00a0\u00bb][\/vc_column_inner][vc_column_inner width=\u00a0\u00bb1\/3&Prime; el_class=\u00a0\u00bblineasx\u00a0\u00bb][\/vc_column_inner][vc_column_inner width=\u00a0\u00bb1\/3&Prime; css_animation=\u00a0\u00bbright-to-left\u00a0\u00bb][\/vc_column_inner]<\/p>\n<\/section>","protected":false},"excerpt":{"rendered":"<p>[vc_row bk_type=\u00a0\u00bbfull_width\u00a0\u00bb align=\u00a0\u00bbLeft\u00a0\u00bb anchor_id=\u00a0\u00bbil-negozio\u00a0\u00bb vid_parallax=\u00a0\u00bbno\u00a0\u00bb][vc_column][vc_column_text] Nati nel 2009 in Italia, abbiamo il primato di essere stati la prima rete al mondo di negozi specializzati\u00a0nella vendita di prodotti sfusi e con il vuoto a rendere. Abbiamo pi\u00f9 di 1500 prodotti: alimentari, per l&rsquo;igiene della casa e per la cura del corpo,\u00a0tutti selezionati e formulati dal nostro [&hellip;]<\/p>\n","protected":false},"author":1,"featured_media":0,"parent":0,"menu_order":0,"comment_status":"closed","ping_status":"open","template":"","meta":{"footnotes":""},"acf":[],"yoast_head":"<!-- This site is optimized with the Yoast SEO plugin v23.5 - https:\/\/yoast.com\/wordpress\/plugins\/seo\/ -->\n<title>Negozio Leggero - Les courses en vrac<\/title>\n<meta name=\"description\" content=\"La mission de Negozio Leggero est rendre simple et agr\u00e9able le choix d&#039;une vie z\u00e9ro d\u00e9chet. Tous nos produits sont en vrac ou avec syst\u00e8me de consigne\" \/>\n<meta name=\"robots\" content=\"index, follow, max-snippet:-1, max-image-preview:large, max-video-preview:-1\" \/>\n<link rel=\"canonical\" href=\"https:\/\/www.negozioleggero.it\/fr\/\" \/>\n<meta property=\"og:locale\" content=\"fr_FR\" \/>\n<meta property=\"og:type\" content=\"article\" \/>\n<meta property=\"og:title\" content=\"Negozio Leggero - Les courses en vrac\" \/>\n<meta property=\"og:description\" content=\"La mission de Negozio Leggero est rendre simple et agr\u00e9able le choix d&#039;une vie z\u00e9ro d\u00e9chet. Tous nos produits sont en vrac ou avec syst\u00e8me de consigne\" \/>\n<meta property=\"og:url\" content=\"https:\/\/www.negozioleggero.it\/fr\/\" \/>\n<meta property=\"og:site_name\" content=\"Negozio Leggero\" \/>\n<meta property=\"article:publisher\" content=\"https:\/\/www.facebook.com\/negozioleggero\" \/>\n<meta property=\"article:modified_time\" content=\"2023-05-16T10:00:13+00:00\" \/>\n<meta name=\"twitter:label1\" content=\"Dur\u00e9e de lecture estim\u00e9e\" \/>\n\t<meta name=\"twitter:data1\" content=\"5 minutes\" \/>\n<script type=\"application\/ld+json\" class=\"yoast-schema-graph\">{\"@context\":\"https:\/\/schema.org\",\"@graph\":[{\"@type\":\"WebPage\",\"@id\":\"https:\/\/www.negozioleggero.it\/fr\/\",\"url\":\"https:\/\/www.negozioleggero.it\/fr\/\",\"name\":\"Negozio Leggero - Les courses en vrac\",\"isPartOf\":{\"@id\":\"https:\/\/www.negozioleggero.it\/#website\"},\"datePublished\":\"2014-09-10T12:44:55+00:00\",\"dateModified\":\"2023-05-16T10:00:13+00:00\",\"description\":\"La mission de Negozio Leggero est rendre simple et agr\u00e9able le choix d'une vie z\u00e9ro d\u00e9chet. Tous nos produits sont en vrac ou avec syst\u00e8me de consigne\",\"breadcrumb\":{\"@id\":\"https:\/\/www.negozioleggero.it\/fr\/#breadcrumb\"},\"inLanguage\":\"fr-FR\",\"potentialAction\":[{\"@type\":\"ReadAction\",\"target\":[\"https:\/\/www.negozioleggero.it\/fr\/\"]}]},{\"@type\":\"BreadcrumbList\",\"@id\":\"https:\/\/www.negozioleggero.it\/fr\/#breadcrumb\",\"itemListElement\":[{\"@type\":\"ListItem\",\"position\":1,\"name\":\"Accueil\",\"item\":\"https:\/\/www.negozioleggero.it\/fr\/\"},{\"@type\":\"ListItem\",\"position\":2,\"name\":\"Home-fr\"}]},{\"@type\":\"WebSite\",\"@id\":\"https:\/\/www.negozioleggero.it\/#website\",\"url\":\"https:\/\/www.negozioleggero.it\/\",\"name\":\"Negozio Leggero\",\"description\":\"La spesa alla spina\",\"potentialAction\":[{\"@type\":\"SearchAction\",\"target\":{\"@type\":\"EntryPoint\",\"urlTemplate\":\"https:\/\/www.negozioleggero.it\/?s={search_term_string}\"},\"query-input\":{\"@type\":\"PropertyValueSpecification\",\"valueRequired\":true,\"valueName\":\"search_term_string\"}}],\"inLanguage\":\"fr-FR\"}]}<\/script>\n<!-- \/ Yoast SEO plugin. -->","yoast_head_json":{"title":"Negozio Leggero - Les courses en vrac","description":"La mission de Negozio Leggero est rendre simple et agr\u00e9able le choix d'une vie z\u00e9ro d\u00e9chet. Tous nos produits sont en vrac ou avec syst\u00e8me de consigne","robots":{"index":"index","follow":"follow","max-snippet":"max-snippet:-1","max-image-preview":"max-image-preview:large","max-video-preview":"max-video-preview:-1"},"canonical":"https:\/\/www.negozioleggero.it\/fr\/","og_locale":"fr_FR","og_type":"article","og_title":"Negozio Leggero - Les courses en vrac","og_description":"La mission de Negozio Leggero est rendre simple et agr\u00e9able le choix d'une vie z\u00e9ro d\u00e9chet. Tous nos produits sont en vrac ou avec syst\u00e8me de consigne","og_url":"https:\/\/www.negozioleggero.it\/fr\/","og_site_name":"Negozio Leggero","article_publisher":"https:\/\/www.facebook.com\/negozioleggero","article_modified_time":"2023-05-16T10:00:13+00:00","twitter_misc":{"Dur\u00e9e de lecture estim\u00e9e":"5 minutes"},"schema":{"@context":"https:\/\/schema.org","@graph":[{"@type":"WebPage","@id":"https:\/\/www.negozioleggero.it\/fr\/","url":"https:\/\/www.negozioleggero.it\/fr\/","name":"Negozio Leggero - Les courses en vrac","isPartOf":{"@id":"https:\/\/www.negozioleggero.it\/#website"},"datePublished":"2014-09-10T12:44:55+00:00","dateModified":"2023-05-16T10:00:13+00:00","description":"La mission de Negozio Leggero est rendre simple et agr\u00e9able le choix d'une vie z\u00e9ro d\u00e9chet. Tous nos produits sont en vrac ou avec syst\u00e8me de consigne","breadcrumb":{"@id":"https:\/\/www.negozioleggero.it\/fr\/#breadcrumb"},"inLanguage":"fr-FR","potentialAction":[{"@type":"ReadAction","target":["https:\/\/www.negozioleggero.it\/fr\/"]}]},{"@type":"BreadcrumbList","@id":"https:\/\/www.negozioleggero.it\/fr\/#breadcrumb","itemListElement":[{"@type":"ListItem","position":1,"name":"Accueil","item":"https:\/\/www.negozioleggero.it\/fr\/"},{"@type":"ListItem","position":2,"name":"Home-fr"}]},{"@type":"WebSite","@id":"https:\/\/www.negozioleggero.it\/#website","url":"https:\/\/www.negozioleggero.it\/","name":"Negozio Leggero","description":"La spesa alla spina","potentialAction":[{"@type":"SearchAction","target":{"@type":"EntryPoint","urlTemplate":"https:\/\/www.negozioleggero.it\/?s={search_term_string}"},"query-input":{"@type":"PropertyValueSpecification","valueRequired":true,"valueName":"search_term_string"}}],"inLanguage":"fr-FR"}]}},"_links":{"self":[{"href":"https:\/\/www.negozioleggero.it\/fr\/wp-json\/wp\/v2\/pages\/7434"}],"collection":[{"href":"https:\/\/www.negozioleggero.it\/fr\/wp-json\/wp\/v2\/pages"}],"about":[{"href":"https:\/\/www.negozioleggero.it\/fr\/wp-json\/wp\/v2\/types\/page"}],"author":[{"embeddable":true,"href":"https:\/\/www.negozioleggero.it\/fr\/wp-json\/wp\/v2\/users\/1"}],"replies":[{"embeddable":true,"href":"https:\/\/www.negozioleggero.it\/fr\/wp-json\/wp\/v2\/comments?post=7434"}],"version-history":[{"count":4,"href":"https:\/\/www.negozioleggero.it\/fr\/wp-json\/wp\/v2\/pages\/7434\/revisions"}],"predecessor-version":[{"id":7470,"href":"https:\/\/www.negozioleggero.it\/fr\/wp-json\/wp\/v2\/pages\/7434\/revisions\/7470"}],"wp:attachment":[{"href":"https:\/\/www.negozioleggero.it\/fr\/wp-json\/wp\/v2\/media?parent=7434"}],"curies":[{"name":"wp","href":"https:\/\/api.w.org\/{rel}","templated":true}]}}